{"id":33,"date":"2024-07-24T01:40:05","date_gmt":"2024-07-24T01:40:05","guid":{"rendered":"https:\/\/tienda.masdescanso.com.ve\/?post_type=product&#038;p=33"},"modified":"2026-04-10T17:18:41","modified_gmt":"2026-04-10T21:48:41","slug":"memory-edicion-especial","status":"publish","type":"product","link":"https:\/\/tienda.masdescanso.com.ve\/en\/product\/memory-edicion-especial\/","title":{"rendered":"Memory Edici\u00f3n Especial &#8211; 10 A\u00f1os de Garant\u00eda"},"content":{"rendered":"<p class=\"ng-star-inserted\"><strong class=\"ng-star-inserted\"><span class=\"ng-star-inserted\">Colch\u00f3n Memory Edici\u00f3n Especial Regal: El Secreto para un Descanso Profundo y Reparador<\/span><\/strong><\/p>\n<p class=\"ng-star-inserted\"><span class=\"ng-star-inserted\">\u00bfBuscas un\u00a0<\/span><strong class=\"ng-star-inserted\"><span class=\"ng-star-inserted\">colch\u00f3n<\/span><\/strong><span class=\"ng-star-inserted\">\u00a0que te ofrezca el equilibrio perfecto entre\u00a0<\/span><strong class=\"ng-star-inserted\"><span class=\"ng-star-inserted\">confort y soporte<\/span><\/strong><span class=\"ng-star-inserted\">? El\u00a0<\/span><strong class=\"ng-star-inserted\"><span class=\"ng-star-inserted\">colch\u00f3n Memory Edici\u00f3n Especial Regal<\/span><\/strong><span class=\"ng-star-inserted\">\u00a0es la soluci\u00f3n. Dise\u00f1ado con tecnolog\u00eda de vanguardia y materiales de primera calidad, este\u00a0<\/span><strong class=\"ng-star-inserted\"><span class=\"ng-star-inserted\">colch\u00f3n memory foam<\/span><\/strong><span class=\"ng-star-inserted\">\u00a0te brinda una experiencia de\u00a0<\/span><strong class=\"ng-star-inserted\"><span class=\"ng-star-inserted\">descanso<\/span><\/strong><span class=\"ng-star-inserted\">\u00a0inigualable.<\/span><\/p>\n<p class=\"ng-star-inserted\"><strong class=\"ng-star-inserted\"><span class=\"ng-star-inserted\">Beneficios Clave para un Descanso Superior:<\/span><\/strong><\/p>\n<ul class=\"ng-star-inserted\">\n<li class=\"ng-star-inserted\">\n<p class=\"ng-star-inserted\"><strong class=\"ng-star-inserted\"><span class=\"ng-star-inserted\">Memory Foam Viscoel\u00e1stico Adaptable:<\/span><\/strong><span class=\"ng-star-inserted\">\u00a0El\u00a0<\/span><strong class=\"ng-star-inserted\"><span class=\"ng-star-inserted\">memory foam<\/span><\/strong><span class=\"ng-star-inserted\">\u00a0de alta densidad se amolda a tu cuerpo, aliviando la presi\u00f3n en puntos clave y proporcionando un soporte personalizado para una\u00a0<\/span><strong class=\"ng-star-inserted\"><span class=\"ng-star-inserted\">alineaci\u00f3n correcta de la columna vertebral<\/span><\/strong><span class=\"ng-star-inserted\">. Ideal para personas con dolores de espalda.<\/span><\/p>\n<\/li>\n<li class=\"ng-star-inserted\">\n<p class=\"ng-star-inserted\"><strong class=\"ng-star-inserted\"><span class=\"ng-star-inserted\">N\u00facleo de L\u00e1tex Rebond Reforzado:<\/span><\/strong><span class=\"ng-star-inserted\">\u00a0Este n\u00facleo robusto proporciona la\u00a0<\/span><strong class=\"ng-star-inserted\"><span class=\"ng-star-inserted\">firmeza<\/span><\/strong><span class=\"ng-star-inserted\">\u00a0necesaria para un\u00a0<\/span><strong class=\"ng-star-inserted\"><span class=\"ng-star-inserted\">descanso reparador<\/span><\/strong><span class=\"ng-star-inserted\">\u00a0y una mayor durabilidad del\u00a0<\/span><strong class=\"ng-star-inserted\"><span class=\"ng-star-inserted\">colch\u00f3n<\/span><\/strong><span class=\"ng-star-inserted\">.<\/span><\/p>\n<\/li>\n<li class=\"ng-star-inserted\">\n<p class=\"ng-star-inserted\"><strong class=\"ng-star-inserted\"><span class=\"ng-star-inserted\">S\u00faper L\u00e1tex (D32) de Alta Densidad:<\/span><\/strong><span class=\"ng-star-inserted\">\u00a0Aporta una\u00a0<\/span><strong class=\"ng-star-inserted\"><span class=\"ng-star-inserted\">resistencia y durabilidad excepcionales<\/span><\/strong><span class=\"ng-star-inserted\">, asegurando que tu\u00a0<\/span><strong class=\"ng-star-inserted\"><span class=\"ng-star-inserted\">colch\u00f3n<\/span><\/strong><span class=\"ng-star-inserted\">\u00a0mantenga su forma y confort durante a\u00f1os.<\/span><\/p>\n<\/li>\n<li class=\"ng-star-inserted\">\n<p class=\"ng-star-inserted\"><strong class=\"ng-star-inserted\"><span class=\"ng-star-inserted\">Hipoalerg\u00e9nico:<\/span><\/strong><span class=\"ng-star-inserted\">\u00a0El\u00a0<\/span><strong class=\"ng-star-inserted\"><span class=\"ng-star-inserted\">colch\u00f3n Regal Memory<\/span><\/strong><span class=\"ng-star-inserted\">\u00a0est\u00e1 fabricado con materiales\u00a0<\/span><strong class=\"ng-star-inserted\"><span class=\"ng-star-inserted\">hipoalerg\u00e9nicos<\/span><\/strong><span class=\"ng-star-inserted\">\u00a0que protegen contra \u00e1caros y al\u00e9rgenos, creando un ambiente de\u00a0<\/span><strong class=\"ng-star-inserted\"><span class=\"ng-star-inserted\">descanso<\/span><\/strong><span class=\"ng-star-inserted\">\u00a0m\u00e1s saludable. Perfecto para personas con alergias o asma.<\/span><\/p>\n<\/li>\n<li class=\"ng-star-inserted\">\n<p class=\"ng-star-inserted\"><strong class=\"ng-star-inserted\"><span class=\"ng-star-inserted\">Acolchado Multifoam:<\/span><\/strong><span class=\"ng-star-inserted\">\u00a0Una capa extra de confort para una sensaci\u00f3n de suavidad y bienestar.<\/span><\/p>\n<\/li>\n<li class=\"ng-star-inserted\">\n<p class=\"ng-star-inserted\"><strong class=\"ng-star-inserted\"><span class=\"ng-star-inserted\">Dise\u00f1o Ergon\u00f3mico:<\/span><\/strong><span class=\"ng-star-inserted\">\u00a0Distribuido inteligentemente el peso del cuerpo, eliminando puntos de presi\u00f3n y mejorando la circulaci\u00f3n sangu\u00ednea durante el sue\u00f1o.<\/span><\/p>\n<\/li>\n<li class=\"ng-star-inserted\">\n<p class=\"ng-star-inserted\"><strong class=\"ng-star-inserted\"><span class=\"ng-star-inserted\">Banda Calada 3D:<\/span><\/strong><span class=\"ng-star-inserted\">\u00a0Permite una \u00f3ptima\u00a0<\/span><strong class=\"ng-star-inserted\"><span class=\"ng-star-inserted\">ventilaci\u00f3n<\/span><\/strong><span class=\"ng-star-inserted\">, manteniendo el\u00a0<\/span><strong class=\"ng-star-inserted\"><span class=\"ng-star-inserted\">colch\u00f3n fresco y seco<\/span><\/strong><span class=\"ng-star-inserted\">\u00a0durante toda la noche. Olv\u00eddate del calor y el sudor.<\/span><\/p>\n<\/li>\n<li class=\"ng-star-inserted\">\n<p class=\"ng-star-inserted\"><strong class=\"ng-star-inserted\"><span class=\"ng-star-inserted\">10 A\u00f1os de Garant\u00eda:<\/span><\/strong><span class=\"ng-star-inserted\">\u00a0Tu tranquilidad es nuestra prioridad.<\/span><\/p>\n<\/li>\n<\/ul>\n<p class=\"ng-star-inserted\"><strong class=\"ng-star-inserted\"><span class=\"ng-star-inserted\">Dimensiones Disponibles:<\/span><\/strong><\/p>\n<ul class=\"ng-star-inserted\">\n<li class=\"ng-star-inserted\">\n<p class=\"ng-star-inserted\"><strong class=\"ng-star-inserted\"><span class=\"ng-star-inserted\">Colch\u00f3n Individual:<\/span><\/strong><span class=\"ng-star-inserted\">\u00a0100&#215;190 cm<\/span><\/p>\n<\/li>\n<li class=\"ng-star-inserted\">\n<p class=\"ng-star-inserted\"><strong class=\"ng-star-inserted\"><span class=\"ng-star-inserted\">Colch\u00f3n Matrimonial:<\/span><\/strong><span class=\"ng-star-inserted\">\u00a0140&#215;190 cm<\/span><\/p>\n<\/li>\n<li class=\"ng-star-inserted\">\n<p class=\"ng-star-inserted\"><strong class=\"ng-star-inserted\"><span class=\"ng-star-inserted\">Colch\u00f3n Queen:<\/span><\/strong><span class=\"ng-star-inserted\">\u00a0160&#215;190 cm<\/span><\/p>\n<\/li>\n<li class=\"ng-star-inserted\">\n<p class=\"ng-star-inserted\"><strong class=\"ng-star-inserted\"><span class=\"ng-star-inserted\">Colch\u00f3n King:<\/span><\/strong><span class=\"ng-star-inserted\">\u00a0200&#215;200 cm<\/span><\/p>\n<\/li>\n<\/ul>\n<p class=\"ng-star-inserted\"><strong class=\"ng-star-inserted\"><span class=\"ng-star-inserted\">\u00bfPor qu\u00e9 elegir el Colch\u00f3n Memory Edici\u00f3n Especial Regal?<\/span><\/strong><\/p>\n<p class=\"ng-star-inserted\"><span class=\"ng-star-inserted\">Si buscas un\u00a0<\/span><strong class=\"ng-star-inserted\"><span class=\"ng-star-inserted\">colch\u00f3n<\/span><\/strong><span class=\"ng-star-inserted\">\u00a0que te ofrezca un\u00a0<\/span><strong class=\"ng-star-inserted\"><span class=\"ng-star-inserted\">descanso profundo, reparador y saludable<\/span><\/strong><span class=\"ng-star-inserted\">, el\u00a0<\/span><strong class=\"ng-star-inserted\"><span class=\"ng-star-inserted\">Colch\u00f3n Memory Edici\u00f3n Especial Regal<\/span><\/strong><span class=\"ng-star-inserted\">\u00a0es la elecci\u00f3n perfecta.\u00a0<\/span><strong class=\"ng-star-inserted\"><span class=\"ng-star-inserted\">Invierte en tu bienestar y disfruta de noches de sue\u00f1o reparador!<\/span><\/strong><\/p>","protected":false},"excerpt":{"rendered":"<div id=\"tab-description\" class=\"woocommerce-Tabs-panel woocommerce-Tabs-panel--description panel entry-content wc-tab\" role=\"tabpanel\" aria-labelledby=\"tab-title-description\">\n<div id=\"et-boc\">\n<div class=\"et-l\">\n<div class=\"et_pb_module et_pb_wc_description et_pb_wc_description_1_tb_body et_pb_bg_layout_light et_pb_text_align_left\">\n<div class=\"et_pb_module_inner\">\n<div class=\"et_pb_module et_pb_wc_description et_pb_wc_description_0_tb_body et_pb_bg_layout_light et_pb_text_align_left\">\n<div class=\"et_pb_module_inner\">\n<div class=\"et_pb_module et_pb_wc_description et_pb_wc_description_1_tb_body et_pb_bg_layout_light et_pb_text_align_left\">\n<div class=\"et_pb_module_inner\"><strong class=\"ng-star-inserted\"><span class=\"ng-star-inserted\">Colch\u00f3n Memory Regal: M\u00e1ximo confort y soporte con Memory Foam y l\u00e1tex. Hipoalerg\u00e9nico, adaptable y con 10 a\u00f1os de garant\u00eda. \u00a1Duerme como nunca!<\/span><\/strong><\/div>\n<\/div>\n<\/div>\n<\/div>\n<\/div>\n<\/div>\n<\/div>\n<\/div>\n<\/div>","protected":false},"featured_media":15858,"comment_status":"open","ping_status":"closed","template":"","meta":[],"product_brand":[],"product_cat":[26],"product_tag":[28,29,27],"class_list":{"0":"post-33","1":"product","2":"type-product","3":"status-publish","4":"has-post-thumbnail","6":"product_cat-memory-edicion-especial","7":"product_tag-edicion","8":"product_tag-especial","9":"product_tag-memory","11":"first","12":"instock","13":"taxable","14":"shipping-taxable","15":"purchasable","16":"product-type-variable"},"_links":{"self":[{"href":"https:\/\/tienda.masdescanso.com.ve\/en\/wp-json\/wp\/v2\/product\/33","targetHints":{"allow":["GET"]}}],"collection":[{"href":"https:\/\/tienda.masdescanso.com.ve\/en\/wp-json\/wp\/v2\/product"}],"about":[{"href":"https:\/\/tienda.masdescanso.com.ve\/en\/wp-json\/wp\/v2\/types\/product"}],"replies":[{"embeddable":true,"href":"https:\/\/tienda.masdescanso.com.ve\/en\/wp-json\/wp\/v2\/comments?post=33"}],"version-history":[{"count":5,"href":"https:\/\/tienda.masdescanso.com.ve\/en\/wp-json\/wp\/v2\/product\/33\/revisions"}],"predecessor-version":[{"id":16107,"href":"https:\/\/tienda.masdescanso.com.ve\/en\/wp-json\/wp\/v2\/product\/33\/revisions\/16107"}],"wp:featuredmedia":[{"embeddable":true,"href":"https:\/\/tienda.masdescanso.com.ve\/en\/wp-json\/wp\/v2\/media\/15858"}],"wp:attachment":[{"href":"https:\/\/tienda.masdescanso.com.ve\/en\/wp-json\/wp\/v2\/media?parent=33"}],"wp:term":[{"taxonomy":"product_brand","embeddable":true,"href":"https:\/\/tienda.masdescanso.com.ve\/en\/wp-json\/wp\/v2\/product_brand?post=33"},{"taxonomy":"product_cat","embeddable":true,"href":"https:\/\/tienda.masdescanso.com.ve\/en\/wp-json\/wp\/v2\/product_cat?post=33"},{"taxonomy":"product_tag","embeddable":true,"href":"https:\/\/tienda.masdescanso.com.ve\/en\/wp-json\/wp\/v2\/product_tag?post=33"}],"curies":[{"name":"wp","href":"https:\/\/api.w.org\/{rel}","templated":true}]}}